{"id":12103,"date":"2022-08-19T15:01:46","date_gmt":"2022-08-19T15:01:46","guid":{"rendered":"https:\/\/www.zanasi.net\/?page_id=12103"},"modified":"2022-10-10T16:09:05","modified_gmt":"2022-10-10T16:09:05","slug":"estate-winery","status":"publish","type":"page","link":"https:\/\/www.zanasi.net\/en\/estate-winery\/","title":{"rendered":"Estate Winery"},"content":{"rendered":"<div class=\"wpb-content-wrapper\"><p>[vc_row][vc_column]\n\t\t\t\t<p class=\"rs-p-wp-fix\"><\/p>\n\t\t\t\t<sr7-module data-alias=\"azienda-alt\" data-id=\"8\" id=\"SR7_8_1\" class=\"rs-ov-hidden\" data-version=\"6.7.40\">\n\t\t\t\t\t<sr7-adjuster><\/sr7-adjuster>\n\t\t\t\t\t<sr7-content>\n\t\t\t\t\t\t<sr7-slide id=\"SR7_8_1-14\" data-key=\"14\">\n\t\t\t\t\t\t\t<sr7-bg id=\"SR7_8_1-14-49\" class=\"sr7-layer\"><noscript><img decoding=\"async\" src=\"https:\/\/www.zanasi.net\/wp-content\/uploads\/2022\/07\/cantina-zanasi-vino-biologico-estate-collina-verde.jpg\" alt=\"\" title=\"cantina-zanasi-vino-biologico-estate-collina-verde\"><\/noscript><\/sr7-bg>\n\t\t\t\t\t\t\t<sr7-txt id=\"SR7_8_1-14-1\" class=\"sr7-layer\">L'azienda vitivinicola<\/sr7-txt>\n\t\t\t\t\t\t\t<sr7-txt id=\"SR7_8_1-14-2\" class=\"sr7-layer\">L'Acetaia<\/sr7-txt>\n\t\t\t\t\t\t\t<sr7-txt id=\"SR7_8_1-14-7\" class=\"sr7-layer\">L'azienda agricola<\/sr7-txt>\n\t\t\t\t\t\t\t<h2 id=\"SR7_8_1-14-8\" class=\"sr7-layer\">Terra fertile e generosa<\/h2>\n\t\t\t\t\t\t\t<sr7-txt id=\"SR7_8_1-14-9\" class=\"sr7-layer\">Aiutata da una terra quanto mai fertile e generosa, la cantina Zanasi, propone i vini di un tempo nei quali la genuinit\u00e0 e la semplicit\u00e0 sono ancora trionfanti.<br \/>\n<br \/>\nL\u2019annata del vino, \u00e8 determinata da elementi semplici e naturali, come: il sole, la pioggia, la neve e dall\u2019ambizione personale del proprietario. Ogni filare di vite cresce e vive grazie alla cura paziente dell\u2019uomo, che conosce e ama la sua terra e ogni giorno ne esalta i frutti migliori con la passione e la tenacia del proprio lavoro.<\/sr7-txt>\n\t\t\t\t\t\t\t<sr7-txt id=\"SR7_8_1-14-13\" class=\"sr7-layer\">L'azienda vitivinicola<\/sr7-txt>\n\t\t\t\t\t\t\t<sr7-txt id=\"SR7_8_1-14-14\" class=\"sr7-layer\">L'Acetaia<\/sr7-txt>\n\t\t\t\t\t\t\t<sr7-txt id=\"SR7_8_1-14-15\" class=\"sr7-layer\">L'azienda agricola<\/sr7-txt>\n\t\t\t\t\t\t\t<h2 id=\"SR7_8_1-14-16\" class=\"sr7-layer\">Terra fertile e generosa<\/h2>\n\t\t\t\t\t\t\t<sr7-txt id=\"SR7_8_1-14-17\" class=\"sr7-layer\">Aiutata da una terra quanto mai fertile e generosa, la cantina Zanasi, propone i vini di un tempo nei quali la genuinit\u00e0 e la semplicit\u00e0 sono ancora trionfanti.<br \/>\n<br \/>\nL\u2019annata del vino, \u00e8 determinata da elementi semplici e naturali, come: il sole, la pioggia, la neve e dall\u2019ambizione personale del proprietario. Ogni filare di vite cresce e vive grazie alla cura paziente dell\u2019uomo, che conosce e ama la sua terra e ogni giorno ne esalta i frutti migliori con la passione e la tenacia del proprio lavoro.<\/sr7-txt>\n\t\t\t\t\t\t\t<sr7-txt id=\"SR7_8_1-14-19\" class=\"sr7-layer\">L'azienda vitivinicola<\/sr7-txt>\n\t\t\t\t\t\t\t<sr7-txt id=\"SR7_8_1-14-20\" class=\"sr7-layer\">L'Acetaia<\/sr7-txt>\n\t\t\t\t\t\t\t<sr7-txt id=\"SR7_8_1-14-21\" class=\"sr7-layer\">L'azienda agricola<\/sr7-txt>\n\t\t\t\t\t\t\t<h2 id=\"SR7_8_1-14-22\" class=\"sr7-layer\">Terra fertile e generosa<\/h2>\n\t\t\t\t\t\t\t<sr7-txt id=\"SR7_8_1-14-23\" class=\"sr7-layer\">Aiutata da una terra quanto mai fertile e generosa, la cantina Zanasi, propone i vini di un tempo nei quali la genuinit\u00e0 e la semplicit\u00e0 sono ancora trionfanti.<br \/>\n<br \/>\nL\u2019annata del vino, \u00e8 determinata da elementi semplici e naturali, come: il sole, la pioggia, la neve e dall\u2019ambizione personale del proprietario. Ogni filare di vite cresce e vive grazie alla cura paziente dell\u2019uomo, che conosce e ama la sua terra e ogni giorno ne esalta i frutti migliori con la passione e la tenacia del proprio lavoro.<\/sr7-txt>\n\t\t\t\t\t\t\t<sr7-txt id=\"SR7_8_1-14-25\" class=\"sr7-layer\">L'azienda vitivinicola<\/sr7-txt>\n\t\t\t\t\t\t\t<sr7-txt id=\"SR7_8_1-14-26\" class=\"sr7-layer\">L'Acetaia<\/sr7-txt>\n\t\t\t\t\t\t\t<sr7-txt id=\"SR7_8_1-14-27\" class=\"sr7-layer\">L'azienda agricola<\/sr7-txt>\n\t\t\t\t\t\t\t<h2 id=\"SR7_8_1-14-28\" class=\"sr7-layer\">Terra fertile e generosa<\/h2>\n\t\t\t\t\t\t\t<sr7-txt id=\"SR7_8_1-14-29\" class=\"sr7-layer\">Aiutata da una terra quanto mai fertile e generosa, la cantina Zanasi, propone i vini di un tempo nei quali la genuinit\u00e0 e la semplicit\u00e0 sono ancora trionfanti.<br \/>\n<br \/>\nL\u2019annata del vino, \u00e8 determinata da elementi semplici e naturali, come: il sole, la pioggia, la neve e dall\u2019ambizione personale del proprietario. Ogni filare di vite cresce e vive grazie alla cura paziente dell\u2019uomo, che conosce e ama la sua terra e ogni giorno ne esalta i frutti migliori con la passione e la tenacia del proprio lavoro.<\/sr7-txt>\n\t\t\t\t\t\t<\/sr7-slide>\n\t\t\t\t\t\t<sr7-slide id=\"SR7_8_1-15\" data-key=\"15\">\n\t\t\t\t\t\t\t<sr7-txt id=\"SR7_8_1-15-1\" class=\"sr7-layer\"><i class=\"fa-long-arrow-left\"><\/i> Indietro<\/sr7-txt>\n\t\t\t\t\t\t\t<sr7-txt id=\"SR7_8_1-15-4\" class=\"sr7-layer\">L'acetaia<\/sr7-txt>\n\t\t\t\t\t\t\t<sr7-txt id=\"SR7_8_1-15-5\" class=\"sr7-layer\">Marco Uccellari<\/sr7-txt>\n\t\t\t\t\t\t\t<sr7-txt id=\"SR7_8_1-15-9\" class=\"sr7-layer\">\u201cI vigneti sono situati nella zona pede-collinare e collinare ai piedi delle montagne dell\u2019Appennino Modenese.<br \/>\n<br \/>\nDi fronte a noi c\u2019\u00e8 la Montagna pi\u00f9 alta dell\u2019Appennino, il Monte Cimone che ci regala un microclima perfetto per produrre i nostri vini frizzanti.<br \/>\n<br \/>\nCon un terreno argilloso, quello dell\u2019Appennino, misto a sabbia, con l\u2019esposizione ad est, la lavorazione in vigna inizia con potature molto corte per produrre poche gemme, per permette alla pianta di donare tutto il suo elisir a pochi grappoli. Questi pochi grappoli avranno un concentrato di polpa sapido, profumato, pieno di sapori.<br \/>\n<br \/>\nDurante la gestione estiva della potatura verde, invece, non tagliamo tanto. Lasciamo sempre il grappolo scoperto ma con un buon rifornimento di foglie. Mio nonno diceva sempre che le foglie sono il polmone della vite.<br \/>\n<br \/>\nSotto alle nostre piante c\u2019\u00e8 l\u2019erba, c\u2019\u00e8 vita, c\u2019\u00e8 un ecosistema nutriente ed importante per la pianta che voglio salvaguardare. <br \/>\nTutte le uve sono interamente coltivate da noi. Solo vinificando le uve direttamente prodotte, seguendone la tradizione e con il controllo costante di tutto il ciclo vitivinicolo, dalla cura dei filari di vite alla vendemmia, fino alla vinificazione, stoccaggio, affinamento e imbottigliamento, si possono ottenere i miei vini\u201d<br \/>\n<\/sr7-txt>\n\t\t\t\t\t\t\t<a id=\"SR7_8_1-15-10\" class=\"sr7-layer\" href=\"\/vini-e-aceti\/\" target=\"_self\">I nostri vini <i class=\"fa-long-arrow-right\"><\/i><\/a>\n\t\t\t\t\t\t\t<sr7-txt id=\"SR7_8_1-15-33\" class=\"sr7-layer\"><i class=\"fa-long-arrow-left\"><\/i> Indietro<\/sr7-txt>\n\t\t\t\t\t\t\t<sr7-txt id=\"SR7_8_1-15-35\" class=\"sr7-layer\">L'acetaia<\/sr7-txt>\n\t\t\t\t\t\t\t<sr7-txt id=\"SR7_8_1-15-36\" class=\"sr7-layer\">Marco Uccellari<\/sr7-txt>\n\t\t\t\t\t\t\t<sr7-txt id=\"SR7_8_1-15-37\" class=\"sr7-layer\">\u201cI vigneti sono situati nella zona pede-collinare e collinare ai piedi delle montagne dell\u2019Appennino Modenese.<br \/>\n<br \/>\nDi fronte a noi c\u2019\u00e8 la Montagna pi\u00f9 alta dell\u2019Appennino, il Monte Cimone che ci regala un microclima perfetto per produrre i nostri vini frizzanti.<br \/>\n<br \/>\nCon un terreno argilloso, quello dell\u2019Appennino, misto a sabbia, con l\u2019esposizione ad est, la lavorazione in vigna inizia con potature molto corte per produrre poche gemme, per permette alla pianta di donare tutto il suo elisir a pochi grappoli. Questi pochi grappoli avranno un concentrato di polpa sapido, profumato, pieno di sapori.<br \/>\n<br \/>\nDurante la gestione estiva della potatura verde, invece, non tagliamo tanto. Lasciamo sempre il grappolo scoperto ma con un buon rifornimento di foglie. Mio nonno diceva sempre che le foglie sono il polmone della vite.<br \/>\n<br \/>\nSotto alle nostre piante c\u2019\u00e8 l\u2019erba, c\u2019\u00e8 vita, c\u2019\u00e8 un ecosistema nutriente ed importante per la pianta che voglio salvaguardare. <br \/>\nTutte le uve sono interamente coltivate da noi. Solo vinificando le uve direttamente prodotte, seguendone la tradizione e con il controllo costante di tutto il ciclo vitivinicolo, dalla cura dei filari di vite alla vendemmia, fino alla vinificazione, stoccaggio, affinamento e imbottigliamento, si possono ottenere i miei vini\u201d<br \/>\n<\/sr7-txt>\n\t\t\t\t\t\t\t<a id=\"SR7_8_1-15-38\" class=\"sr7-layer\" href=\"\/vini-e-aceti\/\" target=\"_self\">I nostri vini <i class=\"fa-long-arrow-right\"><\/i><\/a>\n\t\t\t\t\t\t\t<sr7-txt id=\"SR7_8_1-15-41\" class=\"sr7-layer\"><i class=\"fa-long-arrow-left\"><\/i> Indietro<\/sr7-txt>\n\t\t\t\t\t\t\t<sr7-txt id=\"SR7_8_1-15-43\" class=\"sr7-layer\">L'acetaia<\/sr7-txt>\n\t\t\t\t\t\t\t<sr7-txt id=\"SR7_8_1-15-44\" class=\"sr7-layer\">Marco Uccellari<\/sr7-txt>\n\t\t\t\t\t\t\t<sr7-txt id=\"SR7_8_1-15-45\" class=\"sr7-layer\">\u201cI vigneti sono situati nella zona pede-collinare e collinare ai piedi delle montagne dell\u2019Appennino Modenese.<br \/>\n<br \/>\nDi fronte a noi c\u2019\u00e8 la Montagna pi\u00f9 alta dell\u2019Appennino, il Monte Cimone che ci regala un microclima perfetto per produrre i nostri vini frizzanti.<br \/>\n<br \/>\nCon un terreno argilloso, quello dell\u2019Appennino, misto a sabbia, con l\u2019esposizione ad est, la lavorazione in vigna inizia con potature molto corte per produrre poche gemme, per permette alla pianta di donare tutto il suo elisir a pochi grappoli. Questi pochi grappoli avranno un concentrato di polpa sapido, profumato, pieno di sapori.<br \/>\n<br \/>\nDurante la gestione estiva della potatura verde, invece, non tagliamo tanto. Lasciamo sempre il grappolo scoperto ma con un buon rifornimento di foglie. Mio nonno diceva sempre che le foglie sono il polmone della vite.<br \/>\n<br \/>\nSotto alle nostre piante c\u2019\u00e8 l\u2019erba, c\u2019\u00e8 vita, c\u2019\u00e8 un ecosistema nutriente ed importante per la pianta che voglio salvaguardare. <br \/>\nTutte le uve sono interamente coltivate da noi. Solo vinificando le uve direttamente prodotte, seguendone la tradizione e con il controllo costante di tutto il ciclo vitivinicolo, dalla cura dei filari di vite alla vendemmia, fino alla vinificazione, stoccaggio, affinamento e imbottigliamento, si possono ottenere i miei vini\u201d<br \/>\n<\/sr7-txt>\n\t\t\t\t\t\t\t<a id=\"SR7_8_1-15-46\" class=\"sr7-layer\" href=\"\/vini-e-aceti\/\" target=\"_self\">I nostri vini <i class=\"fa-long-arrow-right\"><\/i><\/a>\n\t\t\t\t\t\t\t<sr7-txt id=\"SR7_8_1-15-49\" class=\"sr7-layer\"><i class=\"fa-long-arrow-left\"><\/i> Indietro<\/sr7-txt>\n\t\t\t\t\t\t\t<sr7-txt id=\"SR7_8_1-15-51\" class=\"sr7-layer\">L'acetaia<\/sr7-txt>\n\t\t\t\t\t\t\t<sr7-txt id=\"SR7_8_1-15-52\" class=\"sr7-layer\">Marco Uccellari<\/sr7-txt>\n\t\t\t\t\t\t\t<a id=\"SR7_8_1-15-54\" class=\"sr7-layer\" href=\"\/vini-e-aceti\/\" target=\"_self\">I nostri vini <i class=\"fa-long-arrow-right\"><\/i><\/a>\n\t\t\t\t\t\t\t<sr7-txt id=\"SR7_8_1-15-55\" class=\"sr7-layer\">\u201cI vigneti sono situati nella zona pede-collinare e collinare ai piedi delle montagne dell\u2019Appennino Modenese.<br \/>\n<br \/>\nDi fronte a noi c\u2019\u00e8 la Montagna pi\u00f9 alta dell\u2019Appennino, il Monte Cimone che ci regala un microclima perfetto per produrre i nostri vini frizzanti.<br \/>\n<br \/>\nCon un terreno argilloso, quello dell\u2019Appennino, misto a sabbia, con l\u2019esposizione ad est, la lavorazione in vigna inizia con potature molto corte per produrre poche gemme, per permette alla pianta di donare tutto il suo elisir a pochi grappoli. Questi pochi grappoli avranno un concentrato di polpa sapido, profumato, pieno di sapori.<br \/>\n<br \/>\nDurante la gestione estiva della potatura verde, invece, non tagliamo tanto. Lasciamo sempre il grappolo scoperto ma con un buon rifornimento di foglie. Mio nonno diceva sempre che le foglie sono il polmone della vite.<br \/>\n<br \/>\nSotto alle nostre piante c\u2019\u00e8 l\u2019erba, c\u2019\u00e8 vita, c\u2019\u00e8 un ecosistema nutriente ed importante per la pianta che voglio salvaguardare. <br \/>\nTutte le uve sono interamente coltivate da noi. Solo vinificando le uve direttamente prodotte, seguendone la tradizione e con il controllo costante di tutto il ciclo vitivinicolo, dalla cura dei filari di vite alla vendemmia, fino alla vinificazione, stoccaggio, affinamento e imbottigliamento, si possono ottenere i miei vini\u201d<br \/>\n<\/sr7-txt>\n\t\t\t\t\t\t<\/sr7-slide>\n\t\t\t\t\t\t<sr7-slide id=\"SR7_8_1-16\" data-key=\"16\">\n\t\t\t\t\t\t\t<sr7-bg id=\"SR7_8_1-16-72\" class=\"sr7-layer\"><noscript><img decoding=\"async\" src=\"https:\/\/www.zanasi.net\/wp-content\/uploads\/2022\/07\/cantina-zanasi-botti-acetaia.jpg\" alt=\"\" title=\"cantina-zanasi-botti-acetaia\"><\/noscript><\/sr7-bg>\n\t\t\t\t\t\t\t<sr7-txt id=\"SR7_8_1-16-1\" class=\"sr7-layer\"><i class=\"fa-long-arrow-left\"><\/i> Indietro<\/sr7-txt>\n\t\t\t\t\t\t\t<sr7-txt id=\"SR7_8_1-16-4\" class=\"sr7-layer\">L'azienda VITIVINICOLA<\/sr7-txt>\n\t\t\t\t\t\t\t<a id=\"SR7_8_1-16-6\" class=\"sr7-layer\" href=\"\/vini-e-aceti\/#aceti-balsamici\" target=\"_self\">Gli aceti <i class=\"fa-long-arrow-right\"><\/i><\/a>\n\t\t\t\t\t\t\t<sr7-txt id=\"SR7_8_1-16-9\" class=\"sr7-layer\">Il nostro Aceto Balsamico Tradizionale di Modena \u00e8 autentico, capace di esaltare e perfezionare i sapori delle pietanze, dalle pi\u00f9 elaborate e raffinate, a quelle pi\u00f9 semplici; ha un carattere ricco e ricercato, con notevole potenza aromatica e una cadenza agrodolce che ne fanno un prodotto unico, un\u2019opera d\u2019arte culinaria capace di affascinare anche i palati pi\u00f9 esigenti ed esperti.<br \/>\nIl nostro segreto e la nostra sapienza sta nel successivo ottimale invecchiamento ed affinamento, che si protrae in batterie di botti di legni differenti per un lungo periodo di tempo.<br \/>\n <br \/>\nSono tre i fattori base che caratterizzano i nostri Aceti Balsamici: il Territorio, quindi la tradizione, l\u2019Uomo, per la cultura e la passione, e il Tempo, che arricchisce il prodotto di profumi e aromi quasi scomparsi in questa epoca di veloci cambiamenti.<br \/>\n<\/sr7-txt>\n\t\t\t\t\t\t\t<sr7-txt id=\"SR7_8_1-16-58\" class=\"sr7-layer\"><i class=\"fa-long-arrow-left\"><\/i> Indietro<\/sr7-txt>\n\t\t\t\t\t\t\t<sr7-txt id=\"SR7_8_1-16-59\" class=\"sr7-layer\">L'azienda VITIVINICOLA<\/sr7-txt>\n\t\t\t\t\t\t\t<a id=\"SR7_8_1-16-60\" class=\"sr7-layer\" href=\"\/vini-e-aceti\/#aceti-balsamici\" target=\"_self\">Gli aceti <i class=\"fa-long-arrow-right\"><\/i><\/a>\n\t\t\t\t\t\t\t<sr7-txt id=\"SR7_8_1-16-61\" class=\"sr7-layer\">Il nostro Aceto Balsamico Tradizionale di Modena \u00e8 autentico, capace di esaltare e perfezionare i sapori delle pietanze, dalle pi\u00f9 elaborate e raffinate, a quelle pi\u00f9 semplici; ha un carattere ricco e ricercato, con notevole potenza aromatica e una cadenza agrodolce che ne fanno un prodotto unico, un\u2019opera d\u2019arte culinaria capace di affascinare anche i palati pi\u00f9 esigenti ed esperti.<br \/>\nIl nostro segreto e la nostra sapienza sta nel successivo ottimale invecchiamento ed affinamento, che si protrae in batterie di botti di legni differenti per un lungo periodo di tempo.<br \/>\n <br \/>\nSono tre i fattori base che caratterizzano i nostri Aceti Balsamici: il Territorio, quindi la tradizione, l\u2019Uomo, per la cultura e la passione, e il Tempo, che arricchisce il prodotto di profumi e aromi quasi scomparsi in questa epoca di veloci cambiamenti.<br \/>\n<\/sr7-txt>\n\t\t\t\t\t\t\t<sr7-txt id=\"SR7_8_1-16-63\" class=\"sr7-layer\"><i class=\"fa-long-arrow-left\"><\/i> Indietro<\/sr7-txt>\n\t\t\t\t\t\t\t<sr7-txt id=\"SR7_8_1-16-64\" class=\"sr7-layer\">L'azienda VITIVINICOLA<\/sr7-txt>\n\t\t\t\t\t\t\t<a id=\"SR7_8_1-16-65\" class=\"sr7-layer\" href=\"\/vini-e-aceti\/#aceti-balsamici\" target=\"_self\">Gli aceti <i class=\"fa-long-arrow-right\"><\/i><\/a>\n\t\t\t\t\t\t\t<sr7-txt id=\"SR7_8_1-16-66\" class=\"sr7-layer\">Il nostro Aceto Balsamico Tradizionale di Modena \u00e8 autentico, capace di esaltare e perfezionare i sapori delle pietanze, dalle pi\u00f9 elaborate e raffinate, a quelle pi\u00f9 semplici; ha un carattere ricco e ricercato, con notevole potenza aromatica e una cadenza agrodolce che ne fanno un prodotto unico, un\u2019opera d\u2019arte culinaria capace di affascinare anche i palati pi\u00f9 esigenti ed esperti.<br \/>\nIl nostro segreto e la nostra sapienza sta nel successivo ottimale invecchiamento ed affinamento, che si protrae in batterie di botti di legni differenti per un lungo periodo di tempo.<br \/>\n <br \/>\nSono tre i fattori base che caratterizzano i nostri Aceti Balsamici: il Territorio, quindi la tradizione, l\u2019Uomo, per la cultura e la passione, e il Tempo, che arricchisce il prodotto di profumi e aromi quasi scomparsi in questa epoca di veloci cambiamenti.<br \/>\n<\/sr7-txt>\n\t\t\t\t\t\t\t<sr7-txt id=\"SR7_8_1-16-68\" class=\"sr7-layer\"><i class=\"fa-long-arrow-left\"><\/i> Indietro<\/sr7-txt>\n\t\t\t\t\t\t\t<sr7-txt id=\"SR7_8_1-16-69\" class=\"sr7-layer\">L'azienda<\/sr7-txt>\n\t\t\t\t\t\t\t<a id=\"SR7_8_1-16-70\" class=\"sr7-layer\" href=\"\/vini-e-aceti\/#aceti-balsamici\" target=\"_self\">Gli aceti <i class=\"fa-long-arrow-right\"><\/i><\/a>\n\t\t\t\t\t\t\t<sr7-txt id=\"SR7_8_1-16-71\" class=\"sr7-layer\">Il nostro Aceto Balsamico Tradizionale di Modena \u00e8 autentico, capace di esaltare e perfezionare i sapori delle pietanze, dalle pi\u00f9 elaborate e raffinate, a quelle pi\u00f9 semplici; ha un carattere ricco e ricercato, con notevole potenza aromatica e una cadenza agrodolce che ne fanno un prodotto unico, un\u2019opera d\u2019arte culinaria capace di affascinare anche i palati pi\u00f9 esigenti ed esperti.<br \/>\nIl nostro segreto e la nostra sapienza sta nel successivo ottimale invecchiamento ed affinamento, che si protrae in batterie di botti di legni differenti per un lungo periodo di tempo.<br \/>\n <br \/>\nSono tre i fattori base che caratterizzano i nostri Aceti Balsamici: il Territorio, quindi la tradizione, l\u2019Uomo, per la cultura e la passione, e il Tempo, che arricchisce il prodotto di profumi e aromi quasi scomparsi in questa epoca di veloci cambiamenti.<br \/>\n<\/sr7-txt>\n\t\t\t\t\t\t<\/sr7-slide>\n\t\t\t\t\t\t<sr7-slide id=\"SR7_8_1-61\" data-key=\"61\">\n\t\t\t\t\t\t<\/sr7-slide>\n\t\t\t\t\t<\/sr7-content>\n\t\t\t\t\t<image_lists style=\"display:none\">\n\t\t\t\t\t\t<img data-src=\"\/\/www.zanasi.net\/wp-content\/uploads\/2022\/07\/cantina-zanasi-vino-biologico-estate-collina-verde.jpg\" data-libid=\"11729\" data-lib=\"medialibrary\" title=\"cantina-zanasi-vino-biologico-estate-collina-verde\" width=\"0\" height=\"0\" data-dbsrc=\"Ly93d3cuemFuYXNpLm5ldC93cC1jb250ZW50L3VwbG9hZHMvMjAyMi8wNy9jYW50aW5hLXphbmFzaS12aW5vLWJpb2xvZ2ljby1lc3RhdGUtY29sbGluYS12ZXJkZS5qcGc=\"\/>\n\t\t\t\t\t\t<img data-src=\"\/\/www.zanasi.net\/wp-content\/uploads\/2022\/07\/macchia-slider-monogramma-500x500-1.png\" data-libid=\"11715\" data-lib=\"medialibrary\" title=\"macchia-slider-monogramma-500&#215;500\" width=\"0\" height=\"0\" data-dbsrc=\"Ly93d3cuemFuYXNpLm5ldC93cC1jb250ZW50L3VwbG9hZHMvMjAyMi8wNy9tYWNjaGlhLXNsaWRlci1tb25vZ3JhbW1hLTUwMHg1MDAtMS5wbmc=\"\/>\n\t\t\t\t\t\t<img data-src=\"\/\/www.zanasi.net\/wp-content\/uploads\/2022\/07\/cantina-zanasi-marco-uccellari-vignaiolo.jpg\" data-libid=\"11781\" data-lib=\"medialibrary\" title=\"cantina-zanasi-marco-uccellari-vignaiolo\" width=\"0\" height=\"0\" data-dbsrc=\"Ly93d3cuemFuYXNpLm5ldC93cC1jb250ZW50L3VwbG9hZHMvMjAyMi8wNy9jYW50aW5hLXphbmFzaS1tYXJjby11Y2NlbGxhcmktdmlnbmFpb2xvLmpwZw==\"\/>\n\t\t\t\t\t\t<img data-src=\"\/\/www.zanasi.net\/wp-content\/uploads\/2022\/07\/cantina-zanasi-botti-acetaia.jpg\" data-libid=\"11787\" data-lib=\"medialibrary\" title=\"cantina-zanasi-botti-acetaia\" width=\"0\" height=\"0\" data-dbsrc=\"Ly93d3cuemFuYXNpLm5ldC93cC1jb250ZW50L3VwbG9hZHMvMjAyMi8wNy9jYW50aW5hLXphbmFzaS1ib3R0aS1hY2V0YWlhLmpwZw==\"\/>\n\t\t\t\t\t<\/image_lists>\n\t\t\t\t<\/sr7-module>\n\t\t\t\t<script>\n\t\t\t\t\tSR7.PMH ??={}; SR7.PMH[\"SR7_8_1\"] = {cn:100,state:false,fn: function() { if (_tpt!==undefined && _tpt.prepareModuleHeight !== undefined) {  _tpt.prepareModuleHeight({id:\"SR7_8_1\",el:[767,767,768,960,920],type:'standard',shdw:'0',gh:[767,767,768,960,920],gw:[1326,1326,1024,778,480],vpt:['100px&#039;,&#039;100px&#039;,&#039;100px&#039;,&#039;100px&#039;,&#039;100px'],size:{fullWidth:true, fullHeight:false},mh:'0',onh:0,onw:0,bg:{color:'{\"orig\":\"transparent\",\"type\":\"solid\",\"string\":\"transparent\"}'}});   SR7.PMH[\"SR7_8_1\"].state=true;} else if(SR7.PMH[\"SR7_8_1\"].cn-->0)\tsetTimeout( SR7.PMH[\"SR7_8_1\"].fn,19);}};SR7.PMH[\"SR7_8_1\" ].fn();\n\t\t\t\t<\/script>\n[\/vc_column][\/vc_row]<\/p>\n<\/div>","protected":false},"excerpt":{"rendered":"<p>[vc_row][vc_column][\/vc_column][\/vc_row]<\/p>\n","protected":false},"author":1,"featured_media":0,"parent":0,"menu_order":0,"comment_status":"closed","ping_status":"closed","template":"","meta":{"_acf_changed":false,"footnotes":""},"class_list":["post-12103","page","type-page","status-publish","hentry"],"acf":[],"yoast_head":"<!-- This site is optimized with the Yoast SEO plugin v27.5 - https:\/\/yoast.com\/product\/yoast-seo-wordpress\/ -->\n<title>Estate Winery - Zanasi Societ\u00e0 Agricola<\/title>\n<meta name=\"description\" content=\"Estate Winery - Zanasi Societ\u00e0 Agricola\" \/>\n<meta name=\"robots\" content=\"index, follow, max-snippet:-1, max-image-preview:large, max-video-preview:-1\" \/>\n<link rel=\"canonical\" href=\"https:\/\/www.zanasi.net\/en\/estate-winery\/\" \/>\n<meta property=\"og:locale\" content=\"en_US\" \/>\n<meta property=\"og:type\" content=\"article\" \/>\n<meta property=\"og:title\" content=\"Estate Winery - Zanasi Societ\u00e0 Agricola\" \/>\n<meta property=\"og:description\" content=\"Estate Winery - Zanasi Societ\u00e0 Agricola\" \/>\n<meta property=\"og:url\" content=\"https:\/\/www.zanasi.net\/en\/estate-winery\/\" \/>\n<meta property=\"og:site_name\" content=\"Zanasi Societ\u00e0 Agricola\" \/>\n<meta property=\"article:modified_time\" content=\"2022-10-10T16:09:05+00:00\" \/>\n<meta name=\"twitter:card\" content=\"summary_large_image\" \/>\n<script type=\"application\/ld+json\" class=\"yoast-schema-graph\">{\"@context\":\"https:\\\/\\\/schema.org\",\"@graph\":[{\"@type\":\"WebPage\",\"@id\":\"https:\\\/\\\/www.zanasi.net\\\/en\\\/estate-winery\\\/\",\"url\":\"https:\\\/\\\/www.zanasi.net\\\/en\\\/estate-winery\\\/\",\"name\":\"Estate Winery - Zanasi Societ\u00e0 Agricola\",\"isPartOf\":{\"@id\":\"https:\\\/\\\/www.zanasi.net\\\/en\\\/#website\"},\"datePublished\":\"2022-08-19T15:01:46+00:00\",\"dateModified\":\"2022-10-10T16:09:05+00:00\",\"description\":\"Estate Winery - Zanasi Societ\u00e0 Agricola\",\"breadcrumb\":{\"@id\":\"https:\\\/\\\/www.zanasi.net\\\/en\\\/estate-winery\\\/#breadcrumb\"},\"inLanguage\":\"en-US\",\"potentialAction\":[{\"@type\":\"ReadAction\",\"target\":[\"https:\\\/\\\/www.zanasi.net\\\/en\\\/estate-winery\\\/\"]}]},{\"@type\":\"BreadcrumbList\",\"@id\":\"https:\\\/\\\/www.zanasi.net\\\/en\\\/estate-winery\\\/#breadcrumb\",\"itemListElement\":[{\"@type\":\"ListItem\",\"position\":1,\"name\":\"Home\",\"item\":\"https:\\\/\\\/www.zanasi.net\\\/en\\\/\"},{\"@type\":\"ListItem\",\"position\":2,\"name\":\"Estate Winery\"}]},{\"@type\":\"WebSite\",\"@id\":\"https:\\\/\\\/www.zanasi.net\\\/en\\\/#website\",\"url\":\"https:\\\/\\\/www.zanasi.net\\\/en\\\/\",\"name\":\"Zanasi Societ\u00e0 Agricola\",\"description\":\"Vini e Aceti D.O.P. da San Vito - Spilamberto\",\"publisher\":{\"@id\":\"https:\\\/\\\/www.zanasi.net\\\/en\\\/#organization\"},\"potentialAction\":[{\"@type\":\"SearchAction\",\"target\":{\"@type\":\"EntryPoint\",\"urlTemplate\":\"https:\\\/\\\/www.zanasi.net\\\/en\\\/?s={search_term_string}\"},\"query-input\":{\"@type\":\"PropertyValueSpecification\",\"valueRequired\":true,\"valueName\":\"search_term_string\"}}],\"inLanguage\":\"en-US\"},{\"@type\":\"Organization\",\"@id\":\"https:\\\/\\\/www.zanasi.net\\\/en\\\/#organization\",\"name\":\"Zanasi Societ\u00e0 Agricola\",\"url\":\"https:\\\/\\\/www.zanasi.net\\\/en\\\/\",\"logo\":{\"@type\":\"ImageObject\",\"inLanguage\":\"en-US\",\"@id\":\"https:\\\/\\\/www.zanasi.net\\\/en\\\/#\\\/schema\\\/logo\\\/image\\\/\",\"url\":\"https:\\\/\\\/www.zanasi.net\\\/wp-content\\\/uploads\\\/2020\\\/01\\\/logo-zanasi-societa-agricola.jpg\",\"contentUrl\":\"https:\\\/\\\/www.zanasi.net\\\/wp-content\\\/uploads\\\/2020\\\/01\\\/logo-zanasi-societa-agricola.jpg\",\"width\":229,\"height\":119,\"caption\":\"Zanasi Societ\u00e0 Agricola\"},\"image\":{\"@id\":\"https:\\\/\\\/www.zanasi.net\\\/en\\\/#\\\/schema\\\/logo\\\/image\\\/\"}}]}<\/script>\n<!-- \/ Yoast SEO plugin. -->","yoast_head_json":{"title":"Estate Winery - Zanasi Societ\u00e0 Agricola","description":"Estate Winery - Zanasi Societ\u00e0 Agricola","robots":{"index":"index","follow":"follow","max-snippet":"max-snippet:-1","max-image-preview":"max-image-preview:large","max-video-preview":"max-video-preview:-1"},"canonical":"https:\/\/www.zanasi.net\/en\/estate-winery\/","og_locale":"en_US","og_type":"article","og_title":"Estate Winery - Zanasi Societ\u00e0 Agricola","og_description":"Estate Winery - Zanasi Societ\u00e0 Agricola","og_url":"https:\/\/www.zanasi.net\/en\/estate-winery\/","og_site_name":"Zanasi Societ\u00e0 Agricola","article_modified_time":"2022-10-10T16:09:05+00:00","twitter_card":"summary_large_image","schema":{"@context":"https:\/\/schema.org","@graph":[{"@type":"WebPage","@id":"https:\/\/www.zanasi.net\/en\/estate-winery\/","url":"https:\/\/www.zanasi.net\/en\/estate-winery\/","name":"Estate Winery - Zanasi Societ\u00e0 Agricola","isPartOf":{"@id":"https:\/\/www.zanasi.net\/en\/#website"},"datePublished":"2022-08-19T15:01:46+00:00","dateModified":"2022-10-10T16:09:05+00:00","description":"Estate Winery - Zanasi Societ\u00e0 Agricola","breadcrumb":{"@id":"https:\/\/www.zanasi.net\/en\/estate-winery\/#breadcrumb"},"inLanguage":"en-US","potentialAction":[{"@type":"ReadAction","target":["https:\/\/www.zanasi.net\/en\/estate-winery\/"]}]},{"@type":"BreadcrumbList","@id":"https:\/\/www.zanasi.net\/en\/estate-winery\/#breadcrumb","itemListElement":[{"@type":"ListItem","position":1,"name":"Home","item":"https:\/\/www.zanasi.net\/en\/"},{"@type":"ListItem","position":2,"name":"Estate Winery"}]},{"@type":"WebSite","@id":"https:\/\/www.zanasi.net\/en\/#website","url":"https:\/\/www.zanasi.net\/en\/","name":"Zanasi Societ\u00e0 Agricola","description":"Vini e Aceti D.O.P. da San Vito - Spilamberto","publisher":{"@id":"https:\/\/www.zanasi.net\/en\/#organization"},"potentialAction":[{"@type":"SearchAction","target":{"@type":"EntryPoint","urlTemplate":"https:\/\/www.zanasi.net\/en\/?s={search_term_string}"},"query-input":{"@type":"PropertyValueSpecification","valueRequired":true,"valueName":"search_term_string"}}],"inLanguage":"en-US"},{"@type":"Organization","@id":"https:\/\/www.zanasi.net\/en\/#organization","name":"Zanasi Societ\u00e0 Agricola","url":"https:\/\/www.zanasi.net\/en\/","logo":{"@type":"ImageObject","inLanguage":"en-US","@id":"https:\/\/www.zanasi.net\/en\/#\/schema\/logo\/image\/","url":"https:\/\/www.zanasi.net\/wp-content\/uploads\/2020\/01\/logo-zanasi-societa-agricola.jpg","contentUrl":"https:\/\/www.zanasi.net\/wp-content\/uploads\/2020\/01\/logo-zanasi-societa-agricola.jpg","width":229,"height":119,"caption":"Zanasi Societ\u00e0 Agricola"},"image":{"@id":"https:\/\/www.zanasi.net\/en\/#\/schema\/logo\/image\/"}}]}},"_links":{"self":[{"href":"https:\/\/www.zanasi.net\/en\/wp-json\/wp\/v2\/pages\/12103","targetHints":{"allow":["GET"]}}],"collection":[{"href":"https:\/\/www.zanasi.net\/en\/wp-json\/wp\/v2\/pages"}],"about":[{"href":"https:\/\/www.zanasi.net\/en\/wp-json\/wp\/v2\/types\/page"}],"author":[{"embeddable":true,"href":"https:\/\/www.zanasi.net\/en\/wp-json\/wp\/v2\/users\/1"}],"replies":[{"embeddable":true,"href":"https:\/\/www.zanasi.net\/en\/wp-json\/wp\/v2\/comments?post=12103"}],"version-history":[{"count":1,"href":"https:\/\/www.zanasi.net\/en\/wp-json\/wp\/v2\/pages\/12103\/revisions"}],"predecessor-version":[{"id":12104,"href":"https:\/\/www.zanasi.net\/en\/wp-json\/wp\/v2\/pages\/12103\/revisions\/12104"}],"wp:attachment":[{"href":"https:\/\/www.zanasi.net\/en\/wp-json\/wp\/v2\/media?parent=12103"}],"curies":[{"name":"wp","href":"https:\/\/api.w.org\/{rel}","templated":true}]}}